{"id":242,"date":"2024-04-29T17:30:04","date_gmt":"2024-04-29T15:30:04","guid":{"rendered":"https:\/\/asesoriaodara.com\/?page_id=242"},"modified":"2024-06-28T12:25:36","modified_gmt":"2024-06-28T10:25:36","slug":"politica-de-privacidad","status":"publish","type":"page","link":"https:\/\/asesoriaodara.com\/index.php\/politica-de-privacidad\/","title":{"rendered":"Pol\u00ectica de privacidad"},"content":{"rendered":"\n[et_pb_section fb_built=\u00bb1&#8243; _builder_version=\u00bb4.25.0&#8243; _module_preset=\u00bbdefault\u00bb global_colors_info=\u00bb{}\u00bb][et_pb_row _builder_version=\u00bb4.25.0&#8243; _module_preset=\u00bbdefault\u00bb global_colors_info=\u00bb{}\u00bb][et_pb_column type=\u00bb4_4&#8243; _builder_version=\u00bb4.25.0&#8243; _module_preset=\u00bbdefault\u00bb global_colors_info=\u00bb{}\u00bb][et_pb_text _builder_version=\u00bb4.25.0&#8243; _module_preset=\u00bbdefault\u00bb global_colors_info=\u00bb{}\u00bb]<header>\n<h1><\/h1>\n<h1><\/h1>\n<h1><\/h1>\n<h1><\/h1>\n<h1>POL\u00cdTICA DE PRIVACIDAD<\/h1>\n<p>&nbsp;<\/p>\n<\/header>\n<section id=\"content\">\n<p>Nombre de la razon social , recopila, trata y almacena informaci\u00f3n personal a trav\u00e9s de la web de su propiedad<strong> www.asesoriaodara.com<\/strong><\/p>\n<p>Esta informaci\u00f3n ser\u00e1 relativa a los usuarios de la web. La informaci\u00f3n se recopilar\u00e1, tratara y almacenar\u00e1 conforme a la presente Pol\u00edtica de Privacidad.<\/p>\n<p>Esta Pol\u00edtica de Privacidad fue actualizada el 01\/03\/2024.<\/p>\n<p><b>RESPONSABLE LEGAL<\/b><\/p>\n<p>Nombre empresa: <span>Asesor\u00eda Odara<\/span><br \/>Raz\u00f3n social: <span>Asesor\u00eda Odara, S. L.<\/span><br \/>NIF: <span>B40561508<\/span><br \/>Direcci\u00f3n: C\/ Joaqu\u00edn Costa, 54-2\u00ba, pta. 2. 46005 Ensanche, Valencia<br \/>Tel\u00e9fono: <span>963035085<\/span><br \/>Email: <a href=\"mailto:propuestas.profesionales@asesoriaodara.com\" target=\"_blank\" rel=\"noopener noreferrer\">info@asesoriaodara.com<\/a><\/p>\n<p><b>LEYES DE APLICACI\u00d3N EN ESTA WEB<\/b><\/p>\n<p>RGPD (Reglamento (UE) 2016\/679 del Parlamento Europeo y del Consejo de 27 de abril de 2016 relativo a la protecci\u00f3n de las personas f\u00edsicas)<\/p>\n<p>LOPD (Ley Org\u00e1nica 15\/1999, de 13 de diciembre, de Protecci\u00f3n de Datos de Car\u00e1cter Personal y Real Decreto 1720\/2007, de 21 de diciembre, Reglamento de desarrollo de la LOPD)<\/p>\n<p>LSSI (Ley 34\/2002, de 11 de julio, de Servicios de la Sociedad de la Informaci\u00f3n y Comercio Electr\u00f3nico)<\/p>\n<p><b>DATOS RECOPILADOS<\/b><\/p>\n<p>\u00danicamente se recopilar\u00e1n los datos estrictamente necesarios para llevar a cabo la normal actividad del servicio. Ajust\u00e1ndose al principio de minimizaci\u00f3n de datos (Art.5.b GDPR).<\/p>\n<p>Los datos recopilados ser\u00e1n en todo caso de mayores de 16 a\u00f1os (Art. 8.1 GDPR).Nombre de la razon social\u00a0\u00a0se reserva el derecho a tomar las medidas oportunas para comprobar la veracidad de la edad (Art. 8.2 GDPR).<\/p>\n<p>En todo caso estos datos ser\u00e1n de car\u00e1cter personal identificativos y no sensibles, podr\u00e1n ser:<\/p>\n<ul>\n<li>Correo electr\u00f3nico<\/li>\n<li>Tel\u00e9fono<\/li>\n<li>Nombre y apellidos<\/li>\n<li>DNI<\/li>\n<li>Direcci\u00f3n<\/li>\n<\/ul>\n<p><b>M\u00c9TODOS DE RECOPILACI\u00d3N.<\/b><\/p>\n<p>Los datos personales se recopilar\u00e1n a trav\u00e9s de la web de\u00a0Nombre de la razon social. Cuando introduzcas informaci\u00f3n en alguno de los campos destinados a tal efecto en la web. Estos campos est\u00e1n debidamente se\u00f1alizados y no recopilar\u00e1n ning\u00fan dato hasta que no aceptes expresamente la cesi\u00f3n y gesti\u00f3n conforme a esta pol\u00edtica de privacidad.<\/p>\n<p><b>OBJETIVO DE LA RECOPILACI\u00d3N Y USO DE LOS DATOS.<\/b><\/p>\n<p>La recopilaci\u00f3n y uso de datos se realiza con el \u00fanico objetivo de gesti\u00f3n administrativa, contable y fiscal, as\u00ed como enviarle comunicaciones comerciales sobre nuestros productos y\/o servicios.<\/p>\n<p>Nombre de la razon social\u00a0se compromete a no utilizar los datos obtenidos con una finalidad distinta a esta.<\/p>\n<p><b>PLAZO DE CONSERVACI\u00d3N DE LOS DATOS<\/b><\/p>\n<p>Los datos se conservar\u00e1n hasta que se cumpla el objetivo por el cual se recopilaron estos datos (Art.5.e. GDPR) o hasta que se ejerza el derecho a la supresi\u00f3n o modificaci\u00f3n de los mismos. Siempre y cuando esto no entre en conflicto con la necesidad por motivos legales o fiscales de almacenar los mismos.<\/p>\n<p><b>\u00bfC\u00d3MO PROTEGEMOS SUS DATOS?<\/b><\/p>\n<p>Sus datos se transfieren y almacenan de forma segura.<\/p>\n<p>Nombre de la razon social\u00a0no puede garantizar la completa seguridad en las comunicaciones a trav\u00e9s de Internet pero garantizamos tomar las medidas adecuadas para proteger sus datos.<\/p>\n<p>Adem\u00e1s\u00a0Nombre de la razon social\u00a0se compromete a mantener la confidencialidad de los datos y no comunicar\u00e1 ni permitir\u00e1 el acceso a terceros no autorizados.<\/p>\n<p><b>TUS DERECHOS EN CUANTO A PROTECCI\u00d3N DE DATOS<\/b><\/p>\n<p>La legislaci\u00f3n le reconoce unos derechos como usuario que ha cedido sus datos personales:<\/p>\n<ul>\n<li>Acceso a los datos personales.<\/li>\n<li>Rectificaci\u00f3n o supresi\u00f3n.<\/li>\n<li>Oponerse al tratamiento.<\/li>\n<li>Portabilidad de los datos.<\/li>\n<li>Limitaci\u00f3n de su tratamiento.<\/li>\n<\/ul>\n<p>El ejercicio de estos derechos es personal. Por lo que solo puedes solicitarlos para los datos de los cuales eres el propietario.<\/p>\n<p><b>LEGITIMACI\u00d3N PARA EL TRATAMIENTO DE DATOS<\/b><\/p>\n<p>La base legal para el tratamiento de tus datos personales es la aceptaci\u00f3n expl\u00edcita del tratamiento, gesti\u00f3n y almacenamiento de los mismos seg\u00fan la presente pol\u00edtica de privacidad.<\/p>\n<p><b>CONSECUENCIAS DE NO ACEPTAR LA POL\u00cdTICA DE PRIVACIDAD<\/b><\/p>\n<p>En el caso de que no aceptes la gesti\u00f3n de tus datos seg\u00fan la presente pol\u00edtica de privacidad, no se proceder\u00e1 a la recopilaci\u00f3n de los mismos, lo que puede suponer que no se pueda llevar a cabo el servicio prestado por\u00a0Nombre de la razon social<\/p>\n<p><b>AUTORIDAD DE PROTECCI\u00d3N DE DATOS EN ESPA\u00d1A<\/b><\/p>\n<p>En el caso de que quieras hacer valer tus derechos en cuanto a protecci\u00f3n de datos y consideras que no los estamos respetando puedes dirigirte a la autoridad espa\u00f1ola responsable.<\/p>\n<ul>\n<li>Sitio web de la autoridad de protecci\u00f3n de datos: https:\/\/www.agpd.es\/<\/li>\n<li>E-mail de la autoridad de protecci\u00f3n de datos: internacional@agpd.es<\/li>\n<li>Tel\u00e9fono de la autoridad de protecci\u00f3n de datos: +34 91399 6200<\/li>\n<\/ul>\n<p><b>CAMBIOS EN LA POL\u00cdTICA DE PRIVACIDAD<\/b><\/p>\n<p>Nombre de la razon social\u00a0se reserva el derecho a modificar la presente Pol\u00edtica de Privacidad, estas modificaciones se har\u00e1n conforme a la legislaci\u00f3n y la jurisprudencia y quedaran reflejadas en la presente Pol\u00edtica de Privacidad.<\/p>\n<\/section>[\/et_pb_text][\/et_pb_column][\/et_pb_row][\/et_pb_section]\n","protected":false},"excerpt":{"rendered":"<p>POL\u00cdTICA DE PRIVACIDAD &nbsp; Nombre de la razon social , recopila, trata y almacena informaci\u00f3n personal a trav\u00e9s de la web de su propiedad www.asesoriaodara.com Esta informaci\u00f3n ser\u00e1 relativa a los usuarios de la web. La informaci\u00f3n se recopilar\u00e1, tratara y almacenar\u00e1 conforme a la presente Pol\u00edtica de Privacidad. Esta Pol\u00edtica de Privacidad fue actualizada [&hellip;]<\/p>\n","protected":false},"author":1,"featured_media":0,"parent":0,"menu_order":0,"comment_status":"closed","ping_status":"closed","template":"","meta":{"_et_pb_use_builder":"on","_et_pb_old_content":"<!-- wp:divi\/placeholder \/-->","_et_gb_content_width":"","footnotes":""},"class_list":["post-242","page","type-page","status-publish","hentry"],"yoast_head":"<!-- This site is optimized with the Yoast SEO plugin v26.2 - https:\/\/yoast.com\/wordpress\/plugins\/seo\/ -->\n<title>POL\u00cdTICA DE PRIVACIDAD<\/title>\n<meta name=\"description\" content=\"POL\u00cdTICA DE PRIVACIDAD Nombre de la razon social , recopila, trata y almacena informaci\u00f3n personal a trav\u00e9s de la web de su propiedad\" \/>\n<meta name=\"robots\" content=\"index, follow, max-snippet:-1, max-image-preview:large, max-video-preview:-1\" \/>\n<link rel=\"canonical\" href=\"https:\/\/asesoriaodara.com\/index.php\/politica-de-privacidad\/\" \/>\n<meta property=\"og:locale\" content=\"es_ES\" \/>\n<meta property=\"og:type\" content=\"article\" \/>\n<meta property=\"og:title\" content=\"POL\u00cdTICA DE PRIVACIDAD\" \/>\n<meta property=\"og:description\" content=\"POL\u00cdTICA DE PRIVACIDAD Nombre de la razon social , recopila, trata y almacena informaci\u00f3n personal a trav\u00e9s de la web de su propiedad\" \/>\n<meta property=\"og:url\" content=\"https:\/\/asesoriaodara.com\/index.php\/politica-de-privacidad\/\" \/>\n<meta property=\"og:site_name\" content=\"Asesoria Odara\" \/>\n<meta property=\"article:publisher\" content=\"https:\/\/www.instagram.com\/odara_asesoria\/\" \/>\n<meta property=\"article:modified_time\" content=\"2024-06-28T10:25:36+00:00\" \/>\n<meta name=\"twitter:card\" content=\"summary_large_image\" \/>\n<meta name=\"twitter:label1\" content=\"Tiempo de lectura\" \/>\n\t<meta name=\"twitter:data1\" content=\"4 minutos\" \/>\n<script type=\"application\/ld+json\" class=\"yoast-schema-graph\">{\"@context\":\"https:\/\/schema.org\",\"@graph\":[{\"@type\":\"WebPage\",\"@id\":\"https:\/\/asesoriaodara.com\/index.php\/politica-de-privacidad\/\",\"url\":\"https:\/\/asesoriaodara.com\/index.php\/politica-de-privacidad\/\",\"name\":\"POL\u00cdTICA DE PRIVACIDAD\",\"isPartOf\":{\"@id\":\"https:\/\/asesoriaodara.com\/#website\"},\"datePublished\":\"2024-04-29T15:30:04+00:00\",\"dateModified\":\"2024-06-28T10:25:36+00:00\",\"description\":\"POL\u00cdTICA DE PRIVACIDAD Nombre de la razon social , recopila, trata y almacena informaci\u00f3n personal a trav\u00e9s de la web de su propiedad\",\"breadcrumb\":{\"@id\":\"https:\/\/asesoriaodara.com\/index.php\/politica-de-privacidad\/#breadcrumb\"},\"inLanguage\":\"es\",\"potentialAction\":[{\"@type\":\"ReadAction\",\"target\":[\"https:\/\/asesoriaodara.com\/index.php\/politica-de-privacidad\/\"]}]},{\"@type\":\"BreadcrumbList\",\"@id\":\"https:\/\/asesoriaodara.com\/index.php\/politica-de-privacidad\/#breadcrumb\",\"itemListElement\":[{\"@type\":\"ListItem\",\"position\":1,\"name\":\"Portada\",\"item\":\"https:\/\/asesoriaodara.com\/\"},{\"@type\":\"ListItem\",\"position\":2,\"name\":\"Pol\u00ectica de privacidad\"}]},{\"@type\":\"WebSite\",\"@id\":\"https:\/\/asesoriaodara.com\/#website\",\"url\":\"https:\/\/asesoriaodara.com\/\",\"name\":\"Asesoria Odara\",\"description\":\"\",\"potentialAction\":[{\"@type\":\"SearchAction\",\"target\":{\"@type\":\"EntryPoint\",\"urlTemplate\":\"https:\/\/asesoriaodara.com\/?s={search_term_string}\"},\"query-input\":{\"@type\":\"PropertyValueSpecification\",\"valueRequired\":true,\"valueName\":\"search_term_string\"}}],\"inLanguage\":\"es\"}]}<\/script>\n<!-- \/ Yoast SEO plugin. -->","yoast_head_json":{"title":"POL\u00cdTICA DE PRIVACIDAD","description":"POL\u00cdTICA DE PRIVACIDAD Nombre de la razon social , recopila, trata y almacena informaci\u00f3n personal a trav\u00e9s de la web de su propiedad","robots":{"index":"index","follow":"follow","max-snippet":"max-snippet:-1","max-image-preview":"max-image-preview:large","max-video-preview":"max-video-preview:-1"},"canonical":"https:\/\/asesoriaodara.com\/index.php\/politica-de-privacidad\/","og_locale":"es_ES","og_type":"article","og_title":"POL\u00cdTICA DE PRIVACIDAD","og_description":"POL\u00cdTICA DE PRIVACIDAD Nombre de la razon social , recopila, trata y almacena informaci\u00f3n personal a trav\u00e9s de la web de su propiedad","og_url":"https:\/\/asesoriaodara.com\/index.php\/politica-de-privacidad\/","og_site_name":"Asesoria Odara","article_publisher":"https:\/\/www.instagram.com\/odara_asesoria\/","article_modified_time":"2024-06-28T10:25:36+00:00","twitter_card":"summary_large_image","twitter_misc":{"Tiempo de lectura":"4 minutos"},"schema":{"@context":"https:\/\/schema.org","@graph":[{"@type":"WebPage","@id":"https:\/\/asesoriaodara.com\/index.php\/politica-de-privacidad\/","url":"https:\/\/asesoriaodara.com\/index.php\/politica-de-privacidad\/","name":"POL\u00cdTICA DE PRIVACIDAD","isPartOf":{"@id":"https:\/\/asesoriaodara.com\/#website"},"datePublished":"2024-04-29T15:30:04+00:00","dateModified":"2024-06-28T10:25:36+00:00","description":"POL\u00cdTICA DE PRIVACIDAD Nombre de la razon social , recopila, trata y almacena informaci\u00f3n personal a trav\u00e9s de la web de su propiedad","breadcrumb":{"@id":"https:\/\/asesoriaodara.com\/index.php\/politica-de-privacidad\/#breadcrumb"},"inLanguage":"es","potentialAction":[{"@type":"ReadAction","target":["https:\/\/asesoriaodara.com\/index.php\/politica-de-privacidad\/"]}]},{"@type":"BreadcrumbList","@id":"https:\/\/asesoriaodara.com\/index.php\/politica-de-privacidad\/#breadcrumb","itemListElement":[{"@type":"ListItem","position":1,"name":"Portada","item":"https:\/\/asesoriaodara.com\/"},{"@type":"ListItem","position":2,"name":"Pol\u00ectica de privacidad"}]},{"@type":"WebSite","@id":"https:\/\/asesoriaodara.com\/#website","url":"https:\/\/asesoriaodara.com\/","name":"Asesoria Odara","description":"","potentialAction":[{"@type":"SearchAction","target":{"@type":"EntryPoint","urlTemplate":"https:\/\/asesoriaodara.com\/?s={search_term_string}"},"query-input":{"@type":"PropertyValueSpecification","valueRequired":true,"valueName":"search_term_string"}}],"inLanguage":"es"}]}},"_links":{"self":[{"href":"https:\/\/asesoriaodara.com\/index.php\/wp-json\/wp\/v2\/pages\/242","targetHints":{"allow":["GET"]}}],"collection":[{"href":"https:\/\/asesoriaodara.com\/index.php\/wp-json\/wp\/v2\/pages"}],"about":[{"href":"https:\/\/asesoriaodara.com\/index.php\/wp-json\/wp\/v2\/types\/page"}],"author":[{"embeddable":true,"href":"https:\/\/asesoriaodara.com\/index.php\/wp-json\/wp\/v2\/users\/1"}],"replies":[{"embeddable":true,"href":"https:\/\/asesoriaodara.com\/index.php\/wp-json\/wp\/v2\/comments?post=242"}],"version-history":[{"count":8,"href":"https:\/\/asesoriaodara.com\/index.php\/wp-json\/wp\/v2\/pages\/242\/revisions"}],"predecessor-version":[{"id":804,"href":"https:\/\/asesoriaodara.com\/index.php\/wp-json\/wp\/v2\/pages\/242\/revisions\/804"}],"wp:attachment":[{"href":"https:\/\/asesoriaodara.com\/index.php\/wp-json\/wp\/v2\/media?parent=242"}],"curies":[{"name":"wp","href":"https:\/\/api.w.org\/{rel}","templated":true}]}}